{"id":15362,"date":"2026-01-28T19:41:36","date_gmt":"2026-01-28T18:41:36","guid":{"rendered":"https:\/\/www.ppprint.de\/?page_id=15362"},"modified":"2026-01-28T19:42:30","modified_gmt":"2026-01-28T18:42:30","slug":"impressum-instagram","status":"publish","type":"page","link":"https:\/\/www.ppprint.de\/en\/impressum-instagram\/","title":{"rendered":"Impressum Instagram"},"content":{"rendered":"\t\t<div data-elementor-type=\"wp-page\" data-elementor-id=\"15362\" class=\"elementor elementor-15362\">\n\t\t\t\t\t\t<section class=\"elementor-section elementor-top-section elementor-element elementor-element-f81cc36 elementor-section-boxed elementor-section-height-default elementor-section-height-default\" data-id=\"f81cc36\" data-element_type=\"section\">\n\t\t\t\t\t\t<div class=\"elementor-container elementor-column-gap-default\">\n\t\t\t\t\t<div class=\"elementor-column elementor-col-100 elementor-top-column elementor-element elementor-element-25d92f2\" data-id=\"25d92f2\" data-element_type=\"column\">\n\t\t\t<div class=\"elementor-widget-wrap elementor-element-populated\">\n\t\t\t\t\t\t<div class=\"elementor-element elementor-element-5535590 elementor-widget elementor-widget-text-editor\" data-id=\"5535590\" data-element_type=\"widget\" data-widget_type=\"text-editor.default\">\n\t\t\t\t<div class=\"elementor-widget-container\">\n\t\t\t\t\t        <div class=\"elementor-text-editor elementor-clearfix\"><p><span style=\"color: #000000; font-family: arial, helvetica, sans-serif; font-size: 16px;\">IMPRESSUM<\/span><\/p><p><span style=\"color: #000000; font-family: arial, helvetica, sans-serif; font-size: 16px;\">PPprint GmbH<\/span><\/p><p><span style=\"color: #000000; font-family: arial, helvetica, sans-serif; font-size: 16px;\">Gottlieb-Keim-Stra\u00dfe 60<\/span><\/p><p><span style=\"color: #000000; font-family: arial, helvetica, sans-serif; font-size: 16px;\">95448 Bayreuth<\/span><\/p><p><span style=\"color: #000000; font-family: arial, helvetica, sans-serif; font-size: 16px;\">Telefon: +49 160 2385339<\/span><\/p><p><span style=\"color: #000000; font-family: arial, helvetica, sans-serif; font-size: 16px;\">E-Mail: office@ppprint.de<\/span><\/p><p><span style=\"color: #000000; font-family: arial, helvetica, sans-serif; font-size: 16px;\">Gesch\u00e4ftsf\u00fchrer: Dr. Christian Neuber und Dominik Walthierer<\/span><\/p><p><span style=\"color: #000000; font-family: arial, helvetica, sans-serif; font-size: 16px;\">Registergericht: Amtsgericht Bayreuth<\/span><\/p><p><span style=\"color: #000000; font-family: arial, helvetica, sans-serif; font-size: 16px;\">Handelsregisternummer: HRB 6853<\/span><\/p><p><span style=\"color: #000000; font-family: arial, helvetica, sans-serif; font-size: 16px;\">Ust-ID: DE320385105<\/span><\/p><p><span style=\"color: #000000; font-family: arial, helvetica, sans-serif; font-size: 16px;\">LUCID-RegNr: DE1193416241542<\/span><\/p><p><span style=\"color: #000000; font-family: arial, helvetica, sans-serif; font-size: 16px;\">Inhaltlich Verantwortlicher: Christian Neuber, Gottlieb-Keim-Strasse 60 in 95448 Bayreuth<\/span><\/p><p><span style=\"font-family: arial, helvetica, sans-serif; font-size: 16px;\"><b>Datenschutzerkl\u00e4rung Instagram<\/b><\/span><\/p><p><span style=\"color: #000000; font-family: arial, helvetica, sans-serif; font-size: 16px;\">Nachfolgend informiert der Verk\u00e4ufer den Kunden \u00fcber die Verarbeitung seiner personenbezogenen Daten durch den Verk\u00e4ufer. Personenbezogene Daten i.S.d. Art. 4 DSGVO sind alle Informationen, die sich auf eine identifizierte oder identifizierbare nat\u00fcrliche Person beziehen (wie z.B. Name, Anschrift, Telefonnummer, E-Mail, Rechnungen, Bankverbindung etc. sowie Ihr Nutzerverhalten).<\/span><\/p><p><span style=\"color: #000000; font-family: arial, helvetica, sans-serif; font-size: 16px;\"><b>Kontaktdaten<\/b><\/span><\/p><p><span style=\"color: #000000; font-family: arial, helvetica, sans-serif; font-size: 16px;\"><u>Diese Datenschutz-Information gilt f\u00fcr die Datenverarbeitung durch folgenden Verantwortlichen:<\/u><\/span><\/p><p><span style=\"color: #000000; font-family: arial, helvetica, sans-serif; font-size: 16px;\">Verantwortlicher: PPprint GmbH <\/span><\/p><p><span style=\"color: #000000; font-family: arial, helvetica, sans-serif; font-size: 16px;\">Adresse: Gottlieb-Keim-Stra\u00dfe 60, 95448 Bayreuth <\/span><\/p><p><span style=\"color: #000000; font-family: arial, helvetica, sans-serif; font-size: 16px;\">Email: office@ppprint.de <\/span><\/p><p><span style=\"color: #000000; font-family: arial, helvetica, sans-serif; font-size: 16px;\">Telefon: +49 160 2385339 <\/span><\/p><p><span style=\"color: #000000; font-family: arial, helvetica, sans-serif; font-size: 16px;\"><b>Rechtm\u00e4\u00dfigkeit der Verarbeitung personenbezogener Daten<\/b><\/span><\/p><p><span style=\"color: #000000; font-family: arial, helvetica, sans-serif; font-size: 16px;\">Artikel 6 der Datenschutzgrundverordnung (DSGVO) normiert die Voraussetzungen, unter denen die Verarbeitung von personenbezogenen Daten rechtm\u00e4\u00dfig ist. <\/span><\/p><p><span style=\"color: #000000; font-family: arial, helvetica, sans-serif; font-size: 16px;\">Eine Verarbeitung personenbezogener Daten ist demnach rechtm\u00e4\u00dfig, wenn ein oder mehrere der nachfolgenden Punkte erf\u00fcllt sind:<\/span><\/p><p><span style=\"color: #000000; font-family: arial, helvetica, sans-serif; font-size: 16px;\">&#8211; Der Kunde hat nach Art. 6 Abs. 1 S. 1 lit. a DSGVO seine ausdr\u00fcckliche Einwilligung zu der Verarbeitung erteilt hat,<\/span><\/p><p><span style=\"color: #000000; font-family: arial, helvetica, sans-serif; font-size: 16px;\">&#8211; die Verarbeitung ist nach Art. 6 Abs. 1 S. 1 lit. b DSGVO zur Durchf\u00fchrung vorvertraglicher Ma\u00dfnahmen, die auf Anfrage des Kunden hin erfolgen oder f\u00fcr die Abwicklung von Vertragsverh\u00e4ltnissen mit dem Kunden erforderlich, wie z.B. die Weitergabe der Adressdaten an das Transportunternehmen. Ebenso k\u00f6nnen Daten an einen Dropshipper weitergegeben werden, der die Waren dann im Auftrag des Verk\u00e4ufers an den Kunden versendet. Wird Ware vom Kunden bestellt, die an eine andere Adresse als die des Kunden versendet werden soll, so erfolgt dies auf Grundlage der berechtigten Interessen des Verk\u00e4ufers nach Art. 6 Abs. 1 S. 1 lit. f DSGVO an einer ordnungsgem\u00e4\u00dfen Abwicklung des Vertragsverh\u00e4ltnisses,<\/span><\/p><p><span style=\"color: #000000; font-family: arial, helvetica, sans-serif; font-size: 16px;\">&#8211; f\u00fcr die Verarbeitung besteht nach Art. 6 Abs. 1 S. 1 lit. c DSGVO eine rechtliche Verpflichtung des Verk\u00e4ufers,<\/span><\/p><p><span style=\"color: #000000; font-family: arial, helvetica, sans-serif; font-size: 16px;\">&#8211; die Verarbeitung ist erforderlich, um lebenswichtigen Interessen des Kunden oder die einer anderen nat\u00fcrlichen Person zu sch\u00fctzen, Art. 6 Abs. 1 S. 1 lit. d DSGVO,<\/span><\/p><p><span style=\"color: #000000; font-family: arial, helvetica, sans-serif; font-size: 16px;\">&#8211; die Verarbeitung ist gem. Art. 6 Abs. 1 S. 1 lit. e DSGVO f\u00fcr die Wahrnehmung einer Aufgabe erforderlich, die im \u00f6ffentlichen Interesse liegt oder in Aus\u00fcbung \u00f6ffentlicher Gewalt erfolgt, die dem Verk\u00e4ufer \u00fcbertragen wurde,<\/span><\/p><p><span style=\"color: #000000; font-family: arial, helvetica, sans-serif; font-size: 16px;\">&#8211; die Verarbeitung ist nach Art. 6 Abs. 1 S. 1 lit. f DSGVO zur Wahrung der berechtigten Interessen des Verk\u00e4ufers oder eines Dritten erforderlich, sofern nicht die Interessen oder Grundrechte und Grundfreiheiten des Kunden, die den Schutz personenbezogener Daten erfordern, \u00fcberwiegen.<\/span><\/p><p><span style=\"color: #000000; font-family: arial, helvetica, sans-serif; font-size: 16px;\">Erhebung und Speicherung personenbezogener Daten sowie Art und Zweck von deren Verwendung<\/span><\/p><p><span style=\"color: #000000; font-family: arial, helvetica, sans-serif; font-size: 16px;\"><b>a) Bei Kontaktaufnahme<\/b><\/span><\/p><p><span style=\"color: #000000; font-family: arial, helvetica, sans-serif; font-size: 16px;\">Sie haben die M\u00f6glichkeit, Kontakt mit uns aufzunehmen. Die Verarbeitung sowie Speicherung ihrer \u00fcbermittelten Daten, wie z.B. Name, E-Mail-Adresse und Daten die Anfrage betreffend, erfolgen auf Grundlage von Art. 6 Abs. 1 S. 1 lit. b DSGVO zur Durchf\u00fchrung vorvertraglicher Ma\u00dfnahmen sowie aufgrund des berechtigten Interesses an einer Bearbeitung ihrer an uns gerichteten Anfrage nach Art. 6 Abs. 1 S. 1 lit. f DSGVO.<\/span><\/p><p><span style=\"color: #000000; font-family: arial, helvetica, sans-serif; font-size: 16px;\"><b>b) Zur Vertragserf\u00fcllung<\/b><\/span><\/p><p><span style=\"color: #000000; font-family: arial, helvetica, sans-serif; font-size: 16px;\">F\u00fchrt Ihre Kontaktaufnahme \u00fcber die Plattform Instagram mit uns zu einem Vertragsabschluss, verarbeiten und speichern wir Ihre personenbezogenen Daten, wie z.B. Bestelldaten, Personenstammdaten und Adressdaten, gem. Art. 6 Abs. 1 S. 1 lit. b DSGVO zum Zweck der Vertragserf\u00fcllung und nur soweit dies zur Vertragserf\u00fcllung erforderlich ist. In den \u00fcbrigen F\u00e4llen werden ihre Daten mittels ihrer Einwilligung nach Art. 6 Abs. 1 S. 1 lit. a DSGVO sowie aufgrund unserer berechtigten Interessen an einer Bearbeitung Ihres Auftrags nach Art. 6 Abs. 1 S. 1 lit. f DSGVO verarbeitet und gespeichert.<\/span><\/p><p><span style=\"color: #000000; font-family: arial, helvetica, sans-serif; font-size: 16px;\">Bez\u00fcglich der Rechtm\u00e4\u00dfigkeit einer Datenverarbeitung und einer Datenweitergabe an Dritte verweisen wir auf Punkt 2 in dieser Datenschutzerkl\u00e4rung.<\/span><\/p><p><span style=\"color: #000000; font-family: arial, helvetica, sans-serif; font-size: 16px;\"><b>c) Informationserfassung <\/b><\/span><\/p><p><span style=\"color: #000000; font-family: arial, helvetica, sans-serif; font-size: 16px;\">Es k\u00f6nnen zur statistischen Auswertung Nutzungsdaten von Facebook erfasst werden. Dies geschieht auf Grundlage von Art. 6 Abs. 1 S. 1 lit. a DSGVO im Rahmen ihrer zuvor erteilten Einwilligung und\/oder gem. Art. 6 Abs. 1 S. 1 lit. f DSGVO im Rahmen der berechtigten Interessen von Facebook an einer Bereitstellung und Verbesserung der Produkte und Dienste.<\/span><\/p><p><span style=\"color: #000000; font-family: arial, helvetica, sans-serif; font-size: 16px;\"><b>Nutzungsdaten<\/b><\/span><\/p><p><span style=\"color: #000000; font-family: arial, helvetica, sans-serif; font-size: 16px;\">Facebook erfasst Informationen und Nutzungsdaten seiner Nutzer. Dies umfasst z.B. auch Informationen \u00fcber die Arten von Inhalten, die sie sich ansehen oder mit denen sie interagieren oder die von ihnen vorgenommenen Handlungen sowie Informationen \u00fcber die von ihnen genutzten Ger\u00e4te (z. B. IP-Adressen, Betriebssystem, Browsertyp, Spracheinstellungen, Cookie-Daten). Welche Informationen Facebook tats\u00e4chlich erfasst, h\u00e4ngt davon ab, ob und wie Personen die Facebook-Produkte nutzen. Facebook nutzt die erhobenen Daten u.a. zur Bereitstellung und Verbesserung ihrer Produkte und Dienste sowie zur Personalisierung von Produkten und Inhalten. Facebook kann die erhobenen Daten an Dritte, m\u00f6glicherweise auch an die Meta Plattforms Inc. mit Sitz in den USA, weiterleiten. Wir haben keinen Einfluss auf die von Facebook erhobenen, verarbeiteten und gespeicherten Daten oder an wen Facebook die Daten weitergibt. <\/span><\/p><p><span style=\"color: #000000; font-family: arial, helvetica, sans-serif; font-size: 16px;\">Sofern Facebook Ltd. uns Analysen in anonymisierter Form zur Verf\u00fcgung stellt, fungiert sie als Auftragsverarbeiter im Rahmen eines Auftragsverarbeitungsvertrags, eine Datenverarbeitung in den USA erfolgt unter Verwendung von Standarddatenschutzklauseln.<\/span><\/p><p><span style=\"color: #000000; font-family: arial, helvetica, sans-serif; font-size: 16px;\">Informationen zum Facebook EU-Daten\u00fcbermittlungszusatz (hierin werden die F\u00e4lle einbezogen, in denen Facebook als Auftragsverarbeiter Daten unter anderem aus der EU verarbeitet) erhalten Sie unter:<\/span><\/p><p><span style=\"color: #000000; font-family: arial, helvetica, sans-serif; font-size: 16px;\">https:\/\/www.facebook.com\/legal\/EU_data_transfer_addendum<\/span><\/p><p><span style=\"color: #000000; font-family: arial, helvetica, sans-serif; font-size: 16px;\">Die Datenverarbeitungsbedingungen im Rahmen einer Auftragsverarbeitung von Meta Plattforms Ltd. sind abrufbar unter:<\/span><\/p><p><span style=\"color: #000000; font-family: arial, helvetica, sans-serif; font-size: 16px;\">https:\/\/www.facebook.com\/legal\/terms\/dataprocessing\/<\/span><\/p><p><span style=\"color: #000000; font-family: arial, helvetica, sans-serif; font-size: 16px;\"><b>Facebook-Insights<\/b><\/span><\/p><p><span style=\"color: #000000; font-family: arial, helvetica, sans-serif; font-size: 16px;\">Facebook erhebt und verwendet Informationen auch aus dem Grund, um Statistiken, sog. Seiten-Insights, f\u00fcr Seitenbetreiber bereitzustellen. Wir haben damit die M\u00f6glichkeit, anonymisierte Informationen \u00fcber das Nutzerverhalten unserer Besucher zu erfahren. So sehen wir z.B., welche unserer Inhalte besonders h\u00e4ufig angesehen worden sind, wieviel Abonnenten wir dazugewonnen haben oder wie viele Personen mit unseren Posts etc. interagiert haben (Content Interaktionen). Im Rahmen der Reichweitenmessung k\u00f6nnen wir sehen, wie viele Facebook Konten einen Beitrag gesehen haben. Die Verwendung und Speicherung der erhobenen Daten erfolgt gem. Art. 6 Abs. 1 S. 1 lit. f DSGVO im Rahmen unserer berechtigten Interessen an einer Kommunikation mit unseren Seitenbesuchern und einer Steigerung der Effektivit\u00e4t unserer Werbeanzeigen.<\/span><\/p><p><span style=\"color: #000000; font-family: arial, helvetica, sans-serif; font-size: 16px;\">Zwischen uns und der Meta Plattforms Ireland Limited, 4 Grand Canal Square, Grand Canal Harbour, Dublin 2, Irland besteht eine Vereinbarung \u00fcber die gemeinsame Verantwortlichkeit gem. Art. 26 DSGVO f\u00fcr die Verarbeitung der Insights-Daten: https:\/\/www.facebook.com\/legal\/terms\/page_controller_addendum<\/span><\/p><p><span style=\"color: #000000; font-family: arial, helvetica, sans-serif; font-size: 16px;\">N\u00e4here Informationen zu den Facebook Seiten-Insights sind abrufbar unter:<\/span><\/p><p><span style=\"color: #000000; font-family: arial, helvetica, sans-serif; font-size: 16px;\">https:\/\/www.facebook.com\/legal\/terms\/information_about_page_insights_data <\/span><\/p><p><span style=\"color: #000000; font-family: arial, helvetica, sans-serif; font-size: 16px;\"><b>Cookies<\/b><\/span><\/p><p><span style=\"color: #000000; font-family: arial, helvetica, sans-serif; font-size: 16px;\">Bei Besuch unserer Seiten werden zur Erhebung von Nutzungsdaten sowie Seiten-Insights durch die Facebook Ltd. Cookies und andere Speichertechnologien eingesetzt <\/span><\/p><p><span style=\"color: #000000; font-family: arial, helvetica, sans-serif; font-size: 16px;\">Cookies sind kleine Textdateien, die Informationen im Webbrowser speichern. Hierdurch ist es Facebook m\u00f6glich, dem Nutzer Facebook-Produkte anzubieten und die Informationen zu verstehen, die Facebook \u00fcber den Nutzer erh\u00e4lt, einschlie\u00dflich Informationen \u00fcber die Nutzung anderer Websites und Apps, und zwar unabh\u00e4ngig davon, ob der Nutzer registriert bzw. angemeldet ist oder nicht.<\/span><\/p><p><span style=\"color: #000000; font-family: arial, helvetica, sans-serif; font-size: 16px;\">Informationen zu den Cookies und anderen Speichertechnologien von Facebook erhalten Sie unter: https:\/\/de-de.facebook.com\/policies\/cookies\/<\/span><\/p><p><span style=\"color: #000000; font-family: arial, helvetica, sans-serif; font-size: 16px;\"><b>Speicherdauer und Datenl\u00f6schung<\/b><\/span><\/p><p><span style=\"color: #000000; font-family: arial, helvetica, sans-serif; font-size: 16px;\">Personenbezogene Daten speichern wir grunds\u00e4tzlich nur so lange, bis der Zweck, zu dem der Kunde uns die Daten anvertraut hat, erf\u00fcllt ist. Danach werden die Daten dauerhaft gel\u00f6scht. Bestehen f\u00fcr die Speicherung der personenbezogenen Daten jedoch gesetzliche Aufbewahrungsfristen, so speichern wir diese so lange, wie wir gesetzlich dazu verpflichtet sind. Solche Verpflichtungen ergeben sich regelm\u00e4\u00dfig durch rechtliche Nachweis- und Aufbewahrungspflichten, die u.a. im Handelsgesetzbuch und der Abgabenordnung geregelt sind, zu Steuerzwecken z.B. zehn Jahre. Nach Ablauf der gesetzlichen Aufbewahrungsfristen werden die Daten dauerhaft gel\u00f6scht. <\/span><\/p><p><span style=\"color: #000000; font-family: arial, helvetica, sans-serif; font-size: 16px;\">Eine erteilte Einwilligung in die Verarbeitung und Speicherung der personenbezogenen Daten gem. Art. 6 Abs. 1 S. 1 lit. a DSGVO kann jederzeit widerrufen werden mit der Folge, dass die Daten \u2013 sofern keine gesetzlichen Aufbewahrungsfristen entgegenstehen \u2013 dauerhaft gel\u00f6scht werden.<\/span><\/p><p><span style=\"color: #000000; font-family: arial, helvetica, sans-serif; font-size: 16px;\">Weitergehende Rechte, durch die uns eine Verarbeitung der personenbezogenen Daten des Kunden untersagt werden kann, ergeben sich aus Art. 21 Abs. 1 und Abs. 2 DSGVO. Informationen zu dem sich hieraus ergebenden Widerspruchsrecht sind in dieser Datenschutzerkl\u00e4rung unter dem Punkt 6 \u201cWiderspruchsrecht\u201c zu finden.<\/span><\/p><p><span style=\"color: #000000; font-family: arial, helvetica, sans-serif; font-size: 16px;\"><b>Betroffenenrechte<\/b><\/span><\/p><p><span style=\"color: #000000; font-family: arial, helvetica, sans-serif; font-size: 16px;\">Der Kunde hat das Recht:<\/span><\/p><p><span style=\"color: #000000; font-family: arial, helvetica, sans-serif; font-size: 16px;\">&#8211; gem\u00e4\u00df Art. 15 DSGVO Auskunft \u00fcber seine vom Verk\u00e4ufer verarbeiteten personenbezogenen Daten zu verlangen. Insbesondere kann er Auskunft \u00fcber die Verarbeitungszwecke, die Kategorie der personenbezogenen Daten, die Kategorien von Empf\u00e4ngern, gegen\u00fcber denen Ihre Daten offengelegt wurden oder werden, die geplante Speicherdauer, das Bestehen eines Rechts auf Berichtigung, L\u00f6schung, Einschr\u00e4nkung der Verarbeitung oder Widerspruch, das Bestehen eines Beschwerderechts, die Herkunft seiner Daten, sofern diese nicht beim Verk\u00e4ufer erhoben wurden, sowie \u00fcber das Bestehen einer automatisierten Entscheidungsfindung einschlie\u00dflich Profiling und ggf. aussagekr\u00e4ftigen Informationen zu deren Einzelheiten verlangen;<\/span><\/p><p><span style=\"color: #000000; font-family: arial, helvetica, sans-serif; font-size: 16px;\">&#8211; gem\u00e4\u00df Art. 16 DSGVO unverz\u00fcglich die Berichtigung unrichtiger oder Vervollst\u00e4ndigung seiner bei uns gespeicherten personenbezogenen Daten zu verlangen;<\/span><\/p><p><span style=\"color: #000000; font-family: arial, helvetica, sans-serif; font-size: 16px;\">&#8211; gem\u00e4\u00df Art. 17 DSGVO die L\u00f6schung seiner beim Verk\u00e4ufer gespeicherten personenbezogenen Daten zu verlangen, soweit nicht die Verarbeitung zur Aus\u00fcbung des Rechts auf freie Meinungs\u00e4u\u00dferung und Information, zur Erf\u00fcllung einer rechtlichen Verpflichtung, aus Gr\u00fcnden des \u00f6ffentlichen Interesses oder zur Geltendmachung, Aus\u00fcbung oder Verteidigung von Rechtsanspr\u00fcchen erforderlich ist;<\/span><\/p><p><span style=\"color: #000000; font-family: arial, helvetica, sans-serif; font-size: 16px;\">&#8211; gem\u00e4\u00df Art. 18 DSGVO die Einschr\u00e4nkung der Verarbeitung seiner personenbezogenen Daten zu verlangen, soweit die Richtigkeit der Daten von ihm bestritten wird, die Verarbeitung unrechtm\u00e4\u00dfig ist, er aber deren L\u00f6schung ablehnt und der Verk\u00e4ufer die Daten nicht mehr ben\u00f6tigt, der Kunde diese jedoch zur Geltendmachung, Aus\u00fcbung oder Verteidigung von Rechtsanspr\u00fcchen ben\u00f6tigt oder gem\u00e4\u00df Art. 21 DSGVO Widerspruch gegen die Verarbeitung eingelegt hat;<\/span><\/p><p><span style=\"color: #000000; font-family: arial, helvetica, sans-serif; font-size: 16px;\">&#8211; gem\u00e4\u00df Art. 20 DSGVO seine personenbezogenen Daten, die er dem Verk\u00e4ufer bereitgestellt hat, in einem strukturierten, g\u00e4ngigen und maschinenlesbaren Format zu erhalten oder die \u00dcbermittlung an einen anderen Verantwortlichen zu verlangen;<\/span><\/p><p><span style=\"color: #000000; font-family: arial, helvetica, sans-serif; font-size: 16px;\">&#8211; gem\u00e4\u00df Art. 7 Abs. 3 DSGVO seine einmal erteilte Einwilligung jederzeit gegen\u00fcber dem Verk\u00e4ufer zu widerrufen. Dies hat zur Folge, dass der Verk\u00e4ufer die Datenverarbeitung, die auf dieser Einwilligung beruhte, f\u00fcr die Zukunft nicht mehr fortf\u00fchren darf und<\/span><\/p><p><span style=\"color: #000000; font-family: arial, helvetica, sans-serif; font-size: 16px;\">&#8211; gem\u00e4\u00df Art. 77 DSGVO sich bei einer Aufsichtsbeh\u00f6rde zu beschweren, wenn er der Ansicht ist, dass die Verarbeitung seiner personenbezogenen Daten rechtswidrig erfolgt ist. In der Regel kann er sich hierf\u00fcr an die Aufsichtsbeh\u00f6rde seines \u00fcblichen Aufenthaltsortes oder Arbeitsplatzes oder am Sitz des Verk\u00e4ufers wenden.<\/span><\/p><p><span style=\"color: #000000; font-family: arial, helvetica, sans-serif; font-size: 16px;\"><b>WIDERSPRUCHSRECHT<\/b><\/span><\/p><p><span style=\"color: #000000; font-family: arial, helvetica, sans-serif; font-size: 16px;\">SOFERN PERSONENBEZOGENE DATEN DES KUNDEN AUF GRUNDLAGE BERECHTIGTER INTERESSEN DES VERK\u00c4UFERS GEM\u00c4SS ART. 6 ABS. 1 S. 1 LIT. F DSGVO VERARBEITET WERDEN, HAT ER DAS RECHT, GEM\u00c4SS ART. 21 ABS. 1 DSGVO WIDERSPRUCH GEGEN DIE VERARBEITUNG SEINER PERSONENBEZOGENEN DATEN EINZULEGEN, SOWEIT DAF\u00dcR GR\u00dcNDE VORLIEGEN, DIE SICH AUS SEINER BESONDEREN SITUATION ERGEBEN. IN DER FOLGE VERARBEITET DER VERK\u00c4UFER SEINE PERSONENBEZOGENEN DATEN NICHT MEHR, ES SEI DENN, ER KANN ZWINGENDE SCHUTZW\u00dcRDIGE GR\u00dcNDE F\u00dcR DIE VERARBEITUNG NACHWEISEN, DIE DIE INTERESSEN, RECHTE UND FREIHEITEN DES KUNDEN \u00dcBERWIEGEN ODER DIE VERARBEITUNG DIENT DER GELTENDMACHUNG, AUS\u00dcBUNG ODER VERTEIDIGUNG VON RECHTSANSPR\u00dcCHEN.<\/span><\/p><p><span style=\"color: #000000; font-family: arial, helvetica, sans-serif; font-size: 16px;\">DER KUNDE KANN EBENSO WIDERSPRUCH GEM. ART. 21 ABS. 2 DSGVO GEGEN DIE VERARBEITUNG VON PERSONENBEZOGENEN DATEN DURCH DEN VERK\u00c4UFER EINLEGEN, DIE GEM\u00c4SS ART. 6 ABS. 1 S. 1 LIT. F DSGVO ZUM ZWECKE DER DIREKTWERBUNG VERARBEITET WERDEN MIT DER FOLGE, DASS DER VERK\u00c4UFER PERSONENBEZOGENE DATEN DES KUNDEN NICHT MEHR ZUM ZWECKE DER DIREKTWERBUNG VERARBEITEN DARF.<\/span><\/p><p><span style=\"color: #000000; font-family: arial, helvetica, sans-serif; font-size: 16px;\">M\u00d6CHTE DER KUNDE VON SEINEM WIDERRUFS- ODER WIDERSPRUCHSRECHT GEBRAUCH MACHEN, GEN\u00dcGT EINE E-MAIL AN DIE IM IMPRESSUM GENANNTE E-MAIL-ADRESSE.<\/span><\/p><p><span style=\"color: #000000; font-family: arial, helvetica, sans-serif; font-size: 16px;\">Diese Datenschutzerkl\u00e4rung wurde von den Vertragsanw\u00e4lten der TISKO Consulting GmbH ( https:\/\/www.Gepruefter-Webshop.de ) erstellt und unterliegt dem urheberrechtlichen Schutz. Eine weitere Verwendung, als der vertraglichen Vereinbarung oder das Kopieren und unberechtigte Nutzen der Texte wird nicht gestattet und stellt eine Urheberrechtsverletzung dar, die rechtlich geahndet wird.<\/span><\/p><p><span style=\"color: #000000; font-family: arial, helvetica, sans-serif; font-size: 16px;\"><b>Hinweis zur Facebook und Instagram Datenschutzbestimmung<\/b><\/span><\/p><p><span style=\"color: #000000; font-family: arial, helvetica, sans-serif; font-size: 16px;\">Informationen zum Datenschutz von Facebook erhalten Sie unter: https:\/\/help.instagram.com\/519522125107875<\/span><\/p><p><span style=\"color: #000000; font-family: arial, helvetica, sans-serif; font-size: 16px;\">Die Datenrichtlinie von Instagram ist abrufbar unter: <\/span><\/p><p><span style=\"color: #000000; font-size: 16px;\"><span style=\"font-family: Helvetica, serif;\"><span style=\"font-family: arial, helvetica, sans-serif;\">https:\/\/de-de.facebook.com\/help\/instagram\/519522125107875<\/span> <\/span><\/span><\/p><\/div>\n        \t\t\t\t<\/div>\n\t\t\t\t<\/div>\n\t\t\t\t\t<\/div>\n\t\t<\/div>\n\t\t\t\t\t<\/div>\n\t\t<\/section>\n\t\t\t\t<section class=\"elementor-section elementor-top-section elementor-element elementor-element-4e6913f5 elementor-section-stretched elementor-section-boxed elementor-section-height-default elementor-section-height-default\" data-id=\"4e6913f5\" data-element_type=\"section\" data-settings=\"{&quot;stretch_section&quot;:&quot;section-stretched&quot;,&quot;background_background&quot;:&quot;classic&quot;}\">\n\t\t\t\t\t\t<div class=\"elementor-container elementor-column-gap-default\">\n\t\t\t\t\t<div class=\"elementor-column elementor-col-100 elementor-top-column elementor-element elementor-element-13314150\" data-id=\"13314150\" data-element_type=\"column\">\n\t\t\t<div class=\"elementor-widget-wrap elementor-element-populated\">\n\t\t\t\t\t\t<div class=\"elementor-element elementor-element-5919c990 elementor-widget elementor-widget-heading\" data-id=\"5919c990\" data-element_type=\"widget\" data-widget_type=\"heading.default\">\n\t\t\t\t<div class=\"elementor-widget-container\">\n\t\t\t\t\t<h2 class=\"elementor-heading-title elementor-size-xl\"><b>Haben Sie Fragen?<\/b> <br>Rufen Sie uns an oder schreiben Sie uns<br> \u00fcber unserer Kontaktformular.<\/h2>\t\t\t\t<\/div>\n\t\t\t\t<\/div>\n\t\t\t\t<div class=\"elementor-element elementor-element-44fbc9ef elementor-align-center elementor-button-primary elementor-widget elementor-widget-button\" data-id=\"44fbc9ef\" data-element_type=\"widget\" data-widget_type=\"button.default\">\n\t\t\t\t<div class=\"elementor-widget-container\">\n\t\t\t\t\t        <div class=\"elementor-button-wrapper\">\n            <a href=\"https:\/\/www.ppprint.de\/kontakt\/\" class=\"elementor-button-link elementor-button elementor-size-md\" role=\"button\">\n                \t\t<span class=\"elementor-button-content-wrapper\">\n\t\t\t\t\t\t<span class=\"elementor-button-icon\">\n\t\t\t\t\t\t\t\t\t<i class=\"opal-icon-long-arrow-right\" aria-hidden=\"true\"><\/i>\n\t\t\t\t\t\t\t<\/span>\n\t\t\t\t\t\t\t\t\t<span class=\"elementor-button-text\">Zum Kontaktformular<\/span>\n\t\t\t\t\t<\/span>\n\t\t            <\/a>\n        <\/div>\n        \t\t\t\t<\/div>\n\t\t\t\t<\/div>\n\t\t\t\t\t<\/div>\n\t\t<\/div>\n\t\t\t\t\t<\/div>\n\t\t<\/section>\n\t\t\t\t<section class=\"elementor-section elementor-top-section elementor-element elementor-element-7aa9f434 elementor-section-boxed elementor-section-height-default elementor-section-height-default\" data-id=\"7aa9f434\" data-element_type=\"section\">\n\t\t\t\t\t\t<div class=\"elementor-container elementor-column-gap-default\">\n\t\t\t\t\t<div class=\"elementor-column elementor-col-100 elementor-top-column elementor-element elementor-element-136a1a7e\" data-id=\"136a1a7e\" data-element_type=\"column\">\n\t\t\t<div class=\"elementor-widget-wrap elementor-element-populated\">\n\t\t\t\t\t\t<section class=\"elementor-section elementor-inner-section elementor-element elementor-element-2149d2aa elementor-section-boxed elementor-section-height-default elementor-section-height-default\" data-id=\"2149d2aa\" data-element_type=\"section\">\n\t\t\t\t\t\t<div class=\"elementor-container elementor-column-gap-default\">\n\t\t\t\t\t<div class=\"elementor-column elementor-col-33 elementor-inner-column elementor-element elementor-element-75adb9a3\" data-id=\"75adb9a3\" data-element_type=\"column\">\n\t\t\t<div class=\"elementor-widget-wrap elementor-element-populated\">\n\t\t\t\t\t\t<div class=\"elementor-element elementor-element-73c542a5 elementor-widget elementor-widget-wp-widget-nav_menu\" data-id=\"73c542a5\" data-element_type=\"widget\" data-widget_type=\"wp-widget-nav_menu.default\">\n\t\t\t\t<div class=\"elementor-widget-container\">\n\t\t\t\t\t<h5>Legal<\/h5><div class=\"menu-legal-englisch-container\"><ul id=\"menu-legal-englisch\" class=\"menu\"><li id=\"menu-item-2859\" class=\"menu-item menu-item-type-post_type menu-item-object-page menu-item-2859\"><a href=\"https:\/\/www.ppprint.de\/en\/agb\/\">Terms and Conditions for PPprint GmbH Web Shop<\/a><\/li>\n<li id=\"menu-item-2860\" class=\"menu-item menu-item-type-post_type menu-item-object-page menu-item-2860\"><a href=\"https:\/\/www.ppprint.de\/en\/privacy-policy\/\">Privacy policy<\/a><\/li>\n<li id=\"menu-item-2861\" class=\"menu-item menu-item-type-post_type menu-item-object-page menu-item-2861\"><a href=\"https:\/\/www.ppprint.de\/en\/impressum\/\">Imprint<\/a><\/li>\n<li id=\"menu-item-2862\" class=\"menu-item menu-item-type-post_type menu-item-object-page menu-item-2862\"><a href=\"https:\/\/www.ppprint.de\/en\/widerrufsbelehrung\/\">Cancellation<\/a><\/li>\n<\/ul><\/div>\t\t\t\t<\/div>\n\t\t\t\t<\/div>\n\t\t\t\t\t<\/div>\n\t\t<\/div>\n\t\t\t\t<div class=\"elementor-column elementor-col-33 elementor-inner-column elementor-element elementor-element-43105490\" data-id=\"43105490\" data-element_type=\"column\">\n\t\t\t<div class=\"elementor-widget-wrap elementor-element-populated\">\n\t\t\t\t\t\t<div class=\"elementor-element elementor-element-58e5073 elementor-widget elementor-widget-wp-widget-nav_menu\" data-id=\"58e5073\" data-element_type=\"widget\" data-widget_type=\"wp-widget-nav_menu.default\">\n\t\t\t\t<div class=\"elementor-widget-container\">\n\t\t\t\t\t<h5>Service<\/h5><div class=\"menu-service-englisch-container\"><ul id=\"menu-service-englisch\" class=\"menu\"><li id=\"menu-item-8532\" class=\"menu-item menu-item-type-post_type menu-item-object-page menu-item-8532\"><a href=\"https:\/\/www.ppprint.de\/en\/contact\/\">Contact us<\/a><\/li>\n<li id=\"menu-item-2863\" class=\"menu-item menu-item-type-post_type menu-item-object-page menu-item-2863\"><a href=\"https:\/\/www.ppprint.de\/en\/downloads\/\">Downloads<\/a><\/li>\n<li id=\"menu-item-8533\" class=\"menu-item menu-item-type-post_type menu-item-object-page menu-item-8533\"><a href=\"https:\/\/www.ppprint.de\/en\/shipping\/\">Shipping<\/a><\/li>\n<li id=\"menu-item-2845\" class=\"menu-item menu-item-type-post_type menu-item-object-page menu-item-2845\"><a href=\"https:\/\/www.ppprint.de\/en\/my-account\/\">My Account<\/a><\/li>\n<\/ul><\/div>\t\t\t\t<\/div>\n\t\t\t\t<\/div>\n\t\t\t\t\t<\/div>\n\t\t<\/div>\n\t\t\t\t<div class=\"elementor-column elementor-col-33 elementor-inner-column elementor-element elementor-element-2c117cc7\" data-id=\"2c117cc7\" data-element_type=\"column\">\n\t\t\t<div class=\"elementor-widget-wrap elementor-element-populated\">\n\t\t\t\t\t\t<div class=\"elementor-element elementor-element-5fd80469 elementor-widget elementor-widget-html\" data-id=\"5fd80469\" data-element_type=\"widget\" data-widget_type=\"html.default\">\n\t\t\t\t<div class=\"elementor-widget-container\">\n\t\t\t\t\t<div style=\"text-align:right\">\n<script src=\"https:\/\/www.gepruefter-webshop.de\/external-widget\/gw-siegel.js\" type=\"text\/javascript\" data-gwid=\"PZ2937-119\" data-siegel-variante=\"standard\" data-siegel-breite=\"150\" id=\"gw-siegel-script\"><\/script>\n<\/div>\t\t\t\t<\/div>\n\t\t\t\t<\/div>\n\t\t\t\t\t<\/div>\n\t\t<\/div>\n\t\t\t\t\t<\/div>\n\t\t<\/section>\n\t\t\t\t\t<\/div>\n\t\t<\/div>\n\t\t\t\t\t<\/div>\n\t\t<\/section>\n\t\t\t\t<section class=\"elementor-section elementor-top-section elementor-element elementor-element-41bc956c elementor-section-stretched elementor-section-content-middle elementor-section-boxed elementor-section-height-default elementor-section-height-default\" data-id=\"41bc956c\" data-element_type=\"section\" data-settings=\"{&quot;stretch_section&quot;:&quot;section-stretched&quot;,&quot;background_background&quot;:&quot;classic&quot;}\">\n\t\t\t\t\t\t<div class=\"elementor-container elementor-column-gap-no\">\n\t\t\t\t\t<div class=\"elementor-column elementor-col-50 elementor-top-column elementor-element elementor-element-7be3640a\" data-id=\"7be3640a\" data-element_type=\"column\">\n\t\t\t<div class=\"elementor-widget-wrap elementor-element-populated\">\n\t\t\t\t\t\t<section class=\"elementor-section elementor-inner-section elementor-element elementor-element-4acc0554 elementor-section-boxed elementor-section-height-default elementor-section-height-default\" data-id=\"4acc0554\" data-element_type=\"section\">\n\t\t\t\t\t\t<div class=\"elementor-container elementor-column-gap-default\">\n\t\t\t\t\t<div class=\"elementor-column elementor-col-33 elementor-inner-column elementor-element elementor-element-3de9e425\" data-id=\"3de9e425\" data-element_type=\"column\">\n\t\t\t<div class=\"elementor-widget-wrap elementor-element-populated\">\n\t\t\t\t\t\t<div class=\"elementor-element elementor-element-74c2943c elementor-widget elementor-widget-image\" data-id=\"74c2943c\" data-element_type=\"widget\" data-widget_type=\"image.default\">\n\t\t\t\t<div class=\"elementor-widget-container\">\n\t\t\t\t\t\t\t\t\t\t\t\t\t\t\t<img fetchpriority=\"high\" decoding=\"async\" width=\"295\" height=\"341\" src=\"https:\/\/www.ppprint.de\/wp-content\/uploads\/2018\/09\/ppprint_logo_white.png\" class=\"attachment-large size-large wp-image-5598\" alt=\"\" srcset=\"https:\/\/www.ppprint.de\/wp-content\/uploads\/2018\/09\/ppprint_logo_white.png 295w, https:\/\/www.ppprint.de\/wp-content\/uploads\/2018\/09\/ppprint_logo_white-260x300.png 260w\" sizes=\"(max-width: 295px) 100vw, 295px\" \/>\t\t\t\t\t\t\t\t\t\t\t\t\t\t\t<\/div>\n\t\t\t\t<\/div>\n\t\t\t\t\t<\/div>\n\t\t<\/div>\n\t\t\t\t<div class=\"elementor-column elementor-col-33 elementor-inner-column elementor-element elementor-element-616361f6\" data-id=\"616361f6\" data-element_type=\"column\">\n\t\t\t<div class=\"elementor-widget-wrap elementor-element-populated\">\n\t\t\t\t\t\t<div class=\"elementor-element elementor-element-c809d1c elementor-widget elementor-widget-text-editor\" data-id=\"c809d1c\" data-element_type=\"widget\" data-widget_type=\"text-editor.default\">\n\t\t\t\t<div class=\"elementor-widget-container\">\n\t\t\t\t\t        <div class=\"elementor-text-editor elementor-clearfix\"><p>PPprint GmbH<\/p><p>Gottlieb-Keim-Stra\u00dfe 60<\/p><p>D-95448 Bayreuth<\/p><\/div>\n        \t\t\t\t<\/div>\n\t\t\t\t<\/div>\n\t\t\t\t\t<\/div>\n\t\t<\/div>\n\t\t\t\t<div class=\"elementor-column elementor-col-33 elementor-inner-column elementor-element elementor-element-f10ce60\" data-id=\"f10ce60\" data-element_type=\"column\">\n\t\t\t<div class=\"elementor-widget-wrap elementor-element-populated\">\n\t\t\t\t\t\t<div class=\"elementor-element elementor-element-2389a90a elementor-widget elementor-widget-text-editor\" data-id=\"2389a90a\" data-element_type=\"widget\" data-widget_type=\"text-editor.default\">\n\t\t\t\t<div class=\"elementor-widget-container\">\n\t\t\t\t\t        <div class=\"elementor-text-editor elementor-clearfix\"><p>Tel.: +49 921 50736 114<\/p><p>E-Mail: office@ppprint.de<\/p><p>www.ppprint.de<\/p><\/div>\n        \t\t\t\t<\/div>\n\t\t\t\t<\/div>\n\t\t\t\t\t<\/div>\n\t\t<\/div>\n\t\t\t\t\t<\/div>\n\t\t<\/section>\n\t\t\t\t\t<\/div>\n\t\t<\/div>\n\t\t\t\t<div class=\"elementor-column elementor-col-50 elementor-top-column elementor-element elementor-element-18f9492b\" data-id=\"18f9492b\" data-element_type=\"column\">\n\t\t\t<div class=\"elementor-widget-wrap elementor-element-populated\">\n\t\t\t\t\t\t<div class=\"elementor-element elementor-element-1a7234f elementor-shape-circle e-grid-align-right elementor-grid-0 elementor-widget elementor-widget-social-icons\" data-id=\"1a7234f\" data-element_type=\"widget\" data-widget_type=\"social-icons.default\">\n\t\t\t\t<div class=\"elementor-widget-container\">\n\t\t\t\t\t\t\t<div class=\"elementor-social-icons-wrapper elementor-grid\" role=\"list\">\n\t\t\t\t\t\t\t<span class=\"elementor-grid-item\" role=\"listitem\">\n\t\t\t\t\t<a class=\"elementor-icon elementor-social-icon elementor-social-icon-facebook-f elementor-animation-push elementor-repeater-item-0045289\" href=\"https:\/\/www.facebook.com\/PPprint-GmbH-285754802004951\/\" target=\"_blank\">\n\t\t\t\t\t\t<span class=\"elementor-screen-only\">Facebook-f<\/span>\n\t\t\t\t\t\t<i aria-hidden=\"true\" class=\"fab fa-facebook-f\"><\/i>\t\t\t\t\t<\/a>\n\t\t\t\t<\/span>\n\t\t\t\t\t\t\t<span class=\"elementor-grid-item\" role=\"listitem\">\n\t\t\t\t\t<a class=\"elementor-icon elementor-social-icon elementor-social-icon-instagram elementor-animation-push elementor-repeater-item-3db3c23\" href=\"https:\/\/www.instagram.com\/ppprintgmbh\/\" target=\"_blank\">\n\t\t\t\t\t\t<span class=\"elementor-screen-only\">Instagram<\/span>\n\t\t\t\t\t\t<i aria-hidden=\"true\" class=\"fab fa-instagram\"><\/i>\t\t\t\t\t<\/a>\n\t\t\t\t<\/span>\n\t\t\t\t\t\t\t<span class=\"elementor-grid-item\" role=\"listitem\">\n\t\t\t\t\t<a class=\"elementor-icon elementor-social-icon elementor-social-icon-linkedin-in elementor-animation-push elementor-repeater-item-dc0bd62\" href=\"https:\/\/www.linkedin.com\/company\/ppprint-gmbh\" target=\"_blank\">\n\t\t\t\t\t\t<span class=\"elementor-screen-only\">Linkedin-in<\/span>\n\t\t\t\t\t\t<i aria-hidden=\"true\" class=\"fab fa-linkedin-in\"><\/i>\t\t\t\t\t<\/a>\n\t\t\t\t<\/span>\n\t\t\t\t\t<\/div>\n\t\t\t\t\t\t<\/div>\n\t\t\t\t<\/div>\n\t\t\t\t<div class=\"elementor-element elementor-element-31c47bbd elementor-widget elementor-widget-heading\" data-id=\"31c47bbd\" data-element_type=\"widget\" data-widget_type=\"heading.default\">\n\t\t\t\t<div class=\"elementor-widget-container\">\n\t\t\t\t\t<p class=\"elementor-heading-title elementor-size-medium\">\u00a9 2020 PPprint . All rights reserved.<\/p>\t\t\t\t<\/div>\n\t\t\t\t<\/div>\n\t\t\t\t\t<\/div>\n\t\t<\/div>\n\t\t\t\t\t<\/div>\n\t\t<\/section>\n\t\t\t\t<\/div>\n\t\t","protected":false},"excerpt":{"rendered":"<p>IMPRESSUM PPprint GmbH Gottlieb-Keim-Stra\u00dfe 60 95448 Bayreuth Telefon: +49 160 2385339 E-Mail: office@ppprint.de Gesch\u00e4ftsf\u00fchrer: Dr. Christian Neuber und Dominik Walthierer Registergericht: Amtsgericht Bayreuth Handelsregisternummer: HRB 6853 Ust-ID: DE320385105 LUCID-RegNr: DE1193416241542 Inhaltlich Verantwortlicher: Christian Neuber, Gottlieb-Keim-Strasse 60 in 95448 Bayreuth Datenschutzerkl\u00e4rung Instagram Nachfolgend informiert der Verk\u00e4ufer den Kunden \u00fcber die Verarbeitung seiner personenbezogenen Daten durch den &hellip; <\/p>\n<p class=\"link-more\"><a href=\"https:\/\/www.ppprint.de\/en\/impressum-instagram\/\" class=\"more-link\">Read More <span class=\"screen-reader-text\"> &#8220;Impressum Instagram&#8221;<\/span><\/a><\/p>\n","protected":false},"author":1174,"featured_media":0,"parent":0,"menu_order":0,"comment_status":"closed","ping_status":"closed","template":"","meta":{"inline_featured_image":false,"_monsterinsights_skip_tracking":false,"_monsterinsights_sitenote_active":false,"_monsterinsights_sitenote_note":"","_monsterinsights_sitenote_category":0,"footnotes":""},"class_list":["post-15362","page","type-page","status-publish","hentry"],"aioseo_notices":[],"_links":{"self":[{"href":"https:\/\/www.ppprint.de\/en\/wp-json\/wp\/v2\/pages\/15362","targetHints":{"allow":["GET"]}}],"collection":[{"href":"https:\/\/www.ppprint.de\/en\/wp-json\/wp\/v2\/pages"}],"about":[{"href":"https:\/\/www.ppprint.de\/en\/wp-json\/wp\/v2\/types\/page"}],"author":[{"embeddable":true,"href":"https:\/\/www.ppprint.de\/en\/wp-json\/wp\/v2\/users\/1174"}],"replies":[{"embeddable":true,"href":"https:\/\/www.ppprint.de\/en\/wp-json\/wp\/v2\/comments?post=15362"}],"version-history":[{"count":4,"href":"https:\/\/www.ppprint.de\/en\/wp-json\/wp\/v2\/pages\/15362\/revisions"}],"predecessor-version":[{"id":15366,"href":"https:\/\/www.ppprint.de\/en\/wp-json\/wp\/v2\/pages\/15362\/revisions\/15366"}],"wp:attachment":[{"href":"https:\/\/www.ppprint.de\/en\/wp-json\/wp\/v2\/media?parent=15362"}],"curies":[{"name":"wp","href":"https:\/\/api.w.org\/{rel}","templated":true}]}}